{"id":26749,"date":"2022-05-15T20:34:21","date_gmt":"2022-05-15T18:34:21","guid":{"rendered":"http:\/\/oss-busevec.hr\/?page_id=26749"},"modified":"2022-11-07T18:32:59","modified_gmt":"2022-11-07T16:32:59","slug":"upravni-odbor-1","status":"publish","type":"page","link":"https:\/\/oss-busevec.hr\/en\/upravni-odbor-1\/","title":{"rendered":"UPRAVNI ODBOR"},"content":{"rendered":"\n<div class=\"wp-block-media-text alignwide is-stacked-on-mobile\" style=\"grid-template-columns:19% auto\"><figure class=\"wp-block-media-text__media\"><img loading=\"lazy\" decoding=\"async\" width=\"119\" height=\"150\" src=\"http:\/\/oss-busevec.hr\/wp-content\/uploads\/2022\/05\/Nenad_Rozic-150x150-2.jpg\" alt=\"\" class=\"wp-image-26752\"\/><\/figure><div class=\"wp-block-media-text__content\">\n<p><strong>NENAD RO\u017dI\u0106<\/strong><br>Predsjednik<\/p>\n\n\n\n<p><code>Telefon: +385 (1) 6255 864<br>Mobitel: +385 (98) 829 907<br>Adresa: Zagreba\u010dka 19,&nbsp;10417 Bu\u0161evec<\/code><\/p>\n\n\n\n<p><code>E-mail: nenad.rozic@oss-busevec.hr<\/code><\/p>\n\n\n\n<p><\/p>\n<\/div><\/div>\n\n\n\n<div class=\"wp-block-media-text alignwide is-stacked-on-mobile\" style=\"grid-template-columns:19% auto\"><figure class=\"wp-block-media-text__media\"><img loading=\"lazy\" decoding=\"async\" width=\"119\" height=\"150\" src=\"http:\/\/oss-busevec.hr\/wp-content\/uploads\/2022\/05\/Dubravko_Katulic-150x150-1.jpg\" alt=\"\" class=\"wp-image-26757\"\/><\/figure><div class=\"wp-block-media-text__content\">\n<p><code><strong>DUBRAVKO KATULI\u0106<\/strong><br>Dopredsjednik<\/code><\/p>\n\n\n\n<p><code>Telefon: +385 (1)&nbsp;6263 331<br>Mobitel: +385 (98)&nbsp;525 604<br>Adresa:&nbsp;Seljine brigade 54E, 10413 Kravarsko<\/code><\/p>\n\n\n\n<p><code>E-mail:&nbsp;dubravko.katulic@<\/code>gmail.com<\/p>\n<\/div><\/div>\n\n\n\n<div class=\"wp-block-media-text alignwide is-stacked-on-mobile\" style=\"grid-template-columns:19% auto\"><figure class=\"wp-block-media-text__media\"><img loading=\"lazy\" decoding=\"async\" width=\"119\" height=\"150\" src=\"http:\/\/oss-busevec.hr\/wp-content\/uploads\/2022\/05\/Zeljko_Medved-150x150-1.jpg\" alt=\"\" class=\"wp-image-26763\"\/><\/figure><div class=\"wp-block-media-text__content\">\n<p><code><strong>\u017dELJKO MEDVED<\/strong><br>Tajnik<\/code><\/p>\n\n\n\n<p><code>Telefon: +385 (1)&nbsp;6255 043<br>Mobitel: +385 (98)&nbsp;362 721<br>Adresa:&nbsp;Zagreba\u010dka 30,&nbsp;10417 Bu\u0161evec<\/code><\/p>\n\n\n\n<p><code>Email:&nbsp;zeljko.medved@oss-busevec.hr<\/code><\/p>\n<\/div><\/div>\n\n\n\n<div class=\"wp-block-media-text alignwide is-stacked-on-mobile\" style=\"grid-template-columns:19% auto\"><figure class=\"wp-block-media-text__media\"><img loading=\"lazy\" decoding=\"async\" width=\"119\" height=\"150\" src=\"http:\/\/oss-busevec.hr\/wp-content\/uploads\/2022\/05\/Marijan_Detelic-150x150-1.jpg\" alt=\"\" class=\"wp-image-26761\"\/><\/figure><div class=\"wp-block-media-text__content\">\n<p><code><strong>MARIJAN DETELI\u0106<\/strong><br>Blagajnik<\/code><\/p>\n\n\n\n<p><code>Telefon: +385 (1)&nbsp;6255 167<br>Mobitel: +385 (91)&nbsp;9155 904<br>Adresa:&nbsp;Sisa\u010dka 62,&nbsp;10417 Bu\u0161evec<\/code><\/p>\n\n\n\n<p><code>E-mail:&nbsp;marjandetelic@yahoo.com<\/code><\/p>\n\n\n\n<p><\/p>\n<\/div><\/div>\n\n\n\n<p><\/p>\n\n\n\n<div class=\"wp-block-media-text alignwide is-stacked-on-mobile\" style=\"grid-template-columns:19% auto\"><figure class=\"wp-block-media-text__media\"><img loading=\"lazy\" decoding=\"async\" width=\"119\" height=\"150\" src=\"http:\/\/oss-busevec.hr\/wp-content\/uploads\/2022\/05\/Irena_Rozic-150x150-1.jpg\" alt=\"\" class=\"wp-image-26765\"\/><\/figure><div class=\"wp-block-media-text__content\">\n<p><code><strong>IRENA RO\u017dI\u0106<\/strong><\/code><\/p>\n\n\n\n<p><code>Telefon: +385 (1)&nbsp;6255 864<br>Mobitel: +385 (98)&nbsp;9712 273<br>Adresa:&nbsp;Zagreba\u010dka 19,&nbsp;10417 Bu\u0161evec<\/code><\/p>\n\n\n\n<p><code>E-mail:&nbsp;irena.rozic@oss-busevec.hr<\/code><\/p>\n<\/div><\/div>\n\n\n\n<p><\/p>\n\n\n\n<div class=\"wp-block-media-text alignwide is-stacked-on-mobile\" style=\"grid-template-columns:19% auto\"><figure class=\"wp-block-media-text__media\"><img loading=\"lazy\" decoding=\"async\" width=\"119\" height=\"150\" src=\"http:\/\/oss-busevec.hr\/wp-content\/uploads\/2022\/05\/Marinko_Katulic-150x150-1.jpg\" alt=\"\" class=\"wp-image-26767\"\/><\/figure><div class=\"wp-block-media-text__content\">\n<p><code><strong>MARINKO KATULI\u0106<\/strong><\/code><\/p>\n\n\n\n<p><code>Telefon: +385 (1)&nbsp;6255 238<br>Mobitel: +385 (99)&nbsp;6829 703<br>Adresa:&nbsp;Novo Selo bb,&nbsp;10417 Bu\u0161evec<\/code><\/p>\n\n\n\n<p><code>E-mail:&nbsp;forte@zg.t-com.hr<\/code><\/p>\n<\/div><\/div>\n\n\n\n<p><\/p>\n\n\n\n<div class=\"wp-block-media-text alignwide is-stacked-on-mobile\" style=\"grid-template-columns:19% auto\"><figure class=\"wp-block-media-text__media\"><img loading=\"lazy\" decoding=\"async\" width=\"119\" height=\"150\" src=\"http:\/\/oss-busevec.hr\/wp-content\/uploads\/2022\/05\/Miroslav_Kovacevic-150x150-1.jpg\" alt=\"\" class=\"wp-image-26768\"\/><\/figure><div class=\"wp-block-media-text__content\">\n<p><code><strong>MIROSLAV KOVA\u010cEVI\u0106<\/strong><\/code><\/p>\n\n\n\n<p><code>Telefon: +385 (1)&nbsp;6255 094<br>Mobitel: +385 (98)&nbsp;9147 581<br>Adresa:&nbsp;Turopoljska 16,&nbsp;10417 Bu\u0161evec<\/code><\/p>\n\n\n\n<p><code>E-mail:&nbsp;kovacevicmiro@<\/code>gmail.com<\/p>\n<\/div><\/div>\n\n\n\n<p><\/p>\n\n\n\n<div class=\"wp-block-media-text alignwide is-stacked-on-mobile\" style=\"grid-template-columns:19% auto\"><figure class=\"wp-block-media-text__media\"><img loading=\"lazy\" decoding=\"async\" width=\"119\" height=\"150\" src=\"http:\/\/oss-busevec.hr\/wp-content\/uploads\/2022\/05\/Sanja_Pribanic-150x150-1.jpg\" alt=\"\" class=\"wp-image-26769\"\/><\/figure><div class=\"wp-block-media-text__content\">\n<p><code><strong>SANJA PRIBANI\u0106<\/strong><\/code><\/p>\n\n\n\n<p><code>Telefon: +385 (1)<br>Mobitel: +385 (98)&nbsp;1912 127<br>Adresa:&nbsp;Turopoljska 3,&nbsp;10417 Bu\u0161evec<\/code><\/p>\n\n\n\n<p><code>E-mail:&nbsp;pribanic.sanja@gmail.com<\/code><\/p>\n<\/div><\/div>\n\n\n\n<p><\/p>\n\n\n\n<div class=\"wp-block-media-text alignwide is-stacked-on-mobile\" style=\"grid-template-columns:19% auto\"><figure class=\"wp-block-media-text__media\"><img loading=\"lazy\" decoding=\"async\" width=\"119\" height=\"150\" src=\"http:\/\/oss-busevec.hr\/wp-content\/uploads\/2022\/05\/Karmela_Kos-150x150-1.jpg\" alt=\"\" class=\"wp-image-26770\"\/><\/figure><div class=\"wp-block-media-text__content\">\n<p><code><strong>KARMELA KOS<\/strong><\/code><\/p>\n\n\n\n<p><code>Telefon: -<br>Mobitel: +385 (98)&nbsp;582 076<br>Adresa:&nbsp;Dolenec 32,&nbsp;10417 Bu\u0161evec<\/code><\/p>\n\n\n\n<p><code>E-mail:&nbsp;kos.karmela.71@gmail.com<\/code><\/p>\n<\/div><\/div>\n\n\n\n<p><\/p>\n\n\n\n<div class=\"wp-block-media-text alignwide is-stacked-on-mobile\" style=\"grid-template-columns:19% auto\"><figure class=\"wp-block-media-text__media\"><img loading=\"lazy\" decoding=\"async\" width=\"119\" height=\"150\" src=\"http:\/\/oss-busevec.hr\/wp-content\/uploads\/2022\/05\/Marijan_Fabijancic-150x150-1.jpg\" alt=\"\" class=\"wp-image-26771\"\/><\/figure><div class=\"wp-block-media-text__content\">\n<p><code><strong>MARIJAN FABIJAN\u010cI\u0106<\/strong><\/code><\/p>\n\n\n\n<p><code>Telefon: +385 (1)&nbsp;6236 305<br>Mobitel: +385 (91)&nbsp;5322 327<br>Adresa:&nbsp;Bra\u0107e Radi\u0107 40, Ku\u010de,&nbsp;10410 Velika Gorica<\/code><\/p>\n\n\n\n<p><code>E-mail:&nbsp;mfabijancic@<\/code>gmail.com<\/p>\n\n\n\n<p><\/p>\n<\/div><\/div>\n\n\n\n<p><\/p>\n\n\n\n<div class=\"wp-block-media-text alignwide is-stacked-on-mobile\" style=\"grid-template-columns:19% auto\"><figure class=\"wp-block-media-text__media\"><img loading=\"lazy\" decoding=\"async\" width=\"119\" height=\"150\" src=\"http:\/\/oss-busevec.hr\/wp-content\/uploads\/2022\/05\/Barica_Kovacevic-150x150-1.jpg\" alt=\"\" class=\"wp-image-26772\"\/><\/figure><div class=\"wp-block-media-text__content\">\n<p><code><strong>BARICA KOVA\u010cEVI\u0106<\/strong><\/code><\/p>\n\n\n\n<p><code>Telefon: +385 (1)&nbsp;6216 044<br>Mobitel: +385 (98)&nbsp;9367 181<br>Adresa:&nbsp;Vinogradska 56,&nbsp;10417 Bu\u0161evec<\/code><\/p>\n\n\n\n<p><code>E-mail:&nbsp;kovacevic.barica@<\/code>gmail.com<\/p>\n\n\n\n<p><\/p>\n<\/div><\/div>\n\n\n\n<p><\/p>\n\n\n\n<div class=\"wp-block-media-text alignwide is-stacked-on-mobile\" style=\"grid-template-columns:19% auto\"><figure class=\"wp-block-media-text__media\"><img loading=\"lazy\" decoding=\"async\" width=\"119\" height=\"150\" src=\"http:\/\/oss-busevec.hr\/wp-content\/uploads\/2022\/05\/Ivan_Kovacevic-150x150-1.jpg\" alt=\"\" class=\"wp-image-26773\"\/><\/figure><div class=\"wp-block-media-text__content\">\n<p><code><strong>IVAN KOVA\u010cEVI\u0106<\/strong><\/code><\/p>\n\n\n\n<p><code>Telefon: +385 (1)&nbsp;6255 182<br>Mobitel: +385 (99)&nbsp;194 98 57<br>Adresa:&nbsp;Sisa\u010dka 31,&nbsp;10417 Bu\u0161evec<\/code><\/p>\n\n\n\n<p><code>E-mail:&nbsp;ivan.kovacevic1995@<\/code>gmail.com<\/p>\n<\/div><\/div>\n\n\n\n<p><\/p>\n\n\n\n<div class=\"wp-block-media-text alignwide is-stacked-on-mobile\" style=\"grid-template-columns:19% auto\"><figure class=\"wp-block-media-text__media\"><img loading=\"lazy\" decoding=\"async\" width=\"119\" height=\"150\" src=\"http:\/\/oss-busevec.hr\/wp-content\/uploads\/2022\/05\/tibor-predrag.jpg\" alt=\"\" class=\"wp-image-26775\"\/><\/figure><div class=\"wp-block-media-text__content\">\n<p><code><strong>TIBOR PREDRAG<\/strong><\/code><\/p>\n\n\n\n<p><code>Telefon: +385 (1)&nbsp;<br>Mobitel: +385 (99)&nbsp;6968986<br>Adresa:&nbsp;Horvatova 9, 10410<\/code> <code>Velika Gorica <\/code><\/p>\n\n\n\n<p><code>E-mail:&nbsp;<a href=\"mailto:tibor2401@gmail.com\">tibor2401@gmail.com<\/a><\/code><\/p>\n<\/div><\/div>\n\n\n\n<p><\/p>\n\n\n\n<div class=\"wp-block-media-text alignwide is-stacked-on-mobile\" style=\"grid-template-columns:19% auto\"><figure class=\"wp-block-media-text__media\"><img loading=\"lazy\" decoding=\"async\" width=\"143\" height=\"150\" src=\"http:\/\/oss-busevec.hr\/wp-content\/uploads\/2022\/11\/jasna-cacic-1.png\" alt=\"\" class=\"wp-image-27403\"\/><\/figure><div class=\"wp-block-media-text__content\">\n<p><code><strong>JASNA \u010cA\u010cI\u0106<\/strong><\/code><\/p>\n\n\n\n<p><code>Telefon: +385 (1)&nbsp;<br>Mobitel: +385 ()<br>Adresa: <\/code><\/p>\n\n\n\n<p><code>E-mail:&nbsp;<a href=\"mailto:tibor2401@gmail.com\"><\/a><a href=\"mailto:jasna.cacic@gmail.com\">jasna.cacic@gmail.com<\/a><\/code><\/p>\n\n\n\n<p><\/p>\n<\/div><\/div>\n\n\n\n<p><\/p>\n\n\n\n<div class=\"wp-block-media-text alignwide is-stacked-on-mobile\" style=\"grid-template-columns:19% auto\"><figure class=\"wp-block-media-text__media\"><img loading=\"lazy\" decoding=\"async\" width=\"119\" height=\"150\" src=\"http:\/\/oss-busevec.hr\/wp-content\/uploads\/2022\/05\/dunja-katulic.jpg\" alt=\"\" class=\"wp-image-26785\"\/><\/figure><div class=\"wp-block-media-text__content\">\n<p><code><strong>DUNJA KATULI\u0106<\/strong><\/code><\/p>\n\n\n\n<p><code>Telefon: +385 (1)&nbsp;<br>Mobitel: +385 (99)&nbsp;7101275<br>Adresa:&nbsp;Novo selo 1, 10417 Bu\u0161evec <\/code><\/p>\n\n\n\n<p><code>E-mail:&nbsp;<a href=\"mailto:tibor2401@gmail.com\"><\/a><a href=\"mailto:dunja.katulic1@gmail.com\">dunja.katulic1@gmail.com<\/a><\/code><\/p>\n<\/div><\/div>\n\n\n\n<p><\/p>\n\n\n\n<div class=\"wp-block-media-text alignwide is-stacked-on-mobile\" style=\"grid-template-columns:19% auto\"><figure class=\"wp-block-media-text__media\"><img loading=\"lazy\" decoding=\"async\" width=\"119\" height=\"150\" src=\"http:\/\/oss-busevec.hr\/wp-content\/uploads\/2022\/05\/nikola-rozic.jpg\" alt=\"\" class=\"wp-image-26789\"\/><\/figure><div class=\"wp-block-media-text__content\">\n<p><code><strong>NIKOLA RO\u017dI\u0106<\/strong><\/code><\/p>\n\n\n\n<p><code>Telefon: +385 (1)&nbsp;<br>Mobitel: +385 (91)&nbsp;1551710<br>Adresa:&nbsp;Dolenec 70, 10417 Bu\u0161evec <\/code><\/p>\n\n\n\n<p><code>E-mail:&nbsp;<\/code><a href=\"mailto:nikola.rozic111@gmail.com\">nikola.rozic111@gmail.com<\/a><\/p>\n\n\n\n<p><\/p>\n<\/div><\/div>\n\n\n\n<p><\/p>\n\n\n\n<div class=\"wp-block-media-text alignwide is-stacked-on-mobile\" style=\"grid-template-columns:19% auto\"><figure class=\"wp-block-media-text__media\"><img loading=\"lazy\" decoding=\"async\" width=\"119\" height=\"150\" src=\"http:\/\/oss-busevec.hr\/wp-content\/uploads\/2022\/05\/ivana-rozic.jpg\" alt=\"\" class=\"wp-image-26790\"\/><\/figure><div class=\"wp-block-media-text__content\">\n<p><code><strong>IVANA RO\u017dI\u0106<\/strong><\/code><\/p>\n\n\n\n<p><code>Telefon: +385 (1)&nbsp;<br>Mobitel: +385 (99)&nbsp;4132460<br>Adresa:&nbsp;Sisa\u010dka 33, 10417 Bu\u0161evec <\/code><\/p>\n\n\n\n<p><code>E-mail:&nbsp;<\/code><a href=\"mailto:nikola.rozic111@gmail.com\"><\/a><a href=\"mailto:iatlija@gmail.com\">iatlija@gmail.com<\/a><\/p>\n<\/div><\/div>\n\n\n\n<p><\/p>\n\n\n\n<p><\/p>\n","protected":false},"excerpt":{"rendered":"<p>NENAD RO\u017dI\u0106Predsjednik Telefon: +385 (1) 6255 864Mobitel: +385 (98) 829 907Adresa: Zagreba\u010dka 19,&nbsp;10417 Bu\u0161evec E-mail: nenad.rozic@oss-busevec.hr DUBRAVKO KATULI\u0106Dopredsjednik Telefon: +385 (1)&nbsp;6263 331Mobitel: +385 (98)&nbsp;525 604Adresa:&nbsp;Seljine brigade 54E, 10413 Kravarsko E-mail:&nbsp;dubravko.katulic@gmail.com \u017dELJKO MEDVEDTajnik Telefon: +385 (1)&nbsp;6255 043Mobitel: +385 (98)&nbsp;362 721Adresa:&nbsp;Zagreba\u010dka 30,&nbsp;10417 Bu\u0161evec Email:&nbsp;zeljko.medved@oss-busevec.hr MARIJAN DETELI\u0106Blagajnik Telefon: +385 (1)&nbsp;6255 167Mobitel: +385 (91)&nbsp;9155 904Adresa:&nbsp;Sisa\u010dka 62,&nbsp;10417 Bu\u0161evec E-mail:&nbsp;marjandetelic@yahoo.com IRENA<\/p>\n","protected":false},"author":3,"featured_media":0,"parent":0,"menu_order":0,"comment_status":"closed","ping_status":"closed","template":"","meta":{"_acf_changed":false,"_monsterinsights_skip_tracking":false,"_monsterinsights_sitenote_active":false,"_monsterinsights_sitenote_note":"","_monsterinsights_sitenote_category":0,"footnotes":""},"class_list":["post-26749","page","type-page","status-publish","hentry"],"acf":[],"_links":{"self":[{"href":"https:\/\/oss-busevec.hr\/en\/wp-json\/wp\/v2\/pages\/26749","targetHints":{"allow":["GET"]}}],"collection":[{"href":"https:\/\/oss-busevec.hr\/en\/wp-json\/wp\/v2\/pages"}],"about":[{"href":"https:\/\/oss-busevec.hr\/en\/wp-json\/wp\/v2\/types\/page"}],"author":[{"embeddable":true,"href":"https:\/\/oss-busevec.hr\/en\/wp-json\/wp\/v2\/users\/3"}],"replies":[{"embeddable":true,"href":"https:\/\/oss-busevec.hr\/en\/wp-json\/wp\/v2\/comments?post=26749"}],"version-history":[{"count":25,"href":"https:\/\/oss-busevec.hr\/en\/wp-json\/wp\/v2\/pages\/26749\/revisions"}],"predecessor-version":[{"id":27405,"href":"https:\/\/oss-busevec.hr\/en\/wp-json\/wp\/v2\/pages\/26749\/revisions\/27405"}],"wp:attachment":[{"href":"https:\/\/oss-busevec.hr\/en\/wp-json\/wp\/v2\/media?parent=26749"}],"curies":[{"name":"wp","href":"https:\/\/api.w.org\/{rel}","templated":true}]}}